{"id":687,"date":"2014-07-16T10:39:54","date_gmt":"2014-07-16T08:39:54","guid":{"rendered":"http:\/\/www.ag-preussische-geschichte.de\/wpress\/?page_id=687"},"modified":"2015-09-11T16:37:31","modified_gmt":"2015-09-11T14:37:31","slug":"veroeffentlichungen","status":"publish","type":"page","link":"https:\/\/ag-preussische-geschichte.de\/wpress\/geschichte\/veroeffentlichungen\/","title":{"rendered":"VER\u00d6FFENTLICHUNGEN"},"content":{"rendered":"<p><em>Birgitt Aschmann \/ Thomas Stamm-Kuhlmann\u00a0(Hgg.):<\/em><br \/>\n<strong>1813 im europ\u00e4ischen Kontext\u00a0<\/strong><br \/>\nFranz Steiner Verlag 2015.<\/p>\n<p><em>Kurztext<\/em>:\u00a0<em>Im Zusammenhang mit den antinapoleonischen Kriegen erlebten die Gesellschaften Europas die Aufhebung traditioneller Beschr\u00e4nkungen: Staatliche Grenzen wurden verlegt, Handelsstr\u00f6me umgeleitet, politische Ordnungsmodelle und Genderkonzepte hinterfragt und neue Verfassungen erlassen. Doch gleichzeitig setzten diese Erfahrungen Abwehrprozesse in Gang, welche die &#8222;Entgrenzungen&#8220; wieder einhegen sollten. Diesen dialektischen Entwicklungen wie Grenz\u00fcberwindung und Nationalisierung, Demokratisierung und St\u00e4rkung der Monarchie, Judenemanzipation und Antisemitismus ist der Band gewidmet.<\/em><br \/>\n<em>Nach einer Rekapitulation der Erinnerungskonjunkturen um die Leipziger V\u00f6lkerschlacht nehmen die Beitr\u00e4ge die Ambivalenzen von traditionalen und innovativen Elementen in den Blick, die die Gesellschaften w\u00e4hrend und nach den antinapoleonischen Kriegen gepr\u00e4gt haben. Die immense Reichweite der Ver\u00e4nderungen wird durch den interdisziplin\u00e4ren Zugang deutlich, indem die Ereignisse und ihre Folgen nicht nur f\u00fcr die Bereiche Politik, Wirtschaft, Milit\u00e4r und Gesellschaft analysiert, sondern auch aus musik- und literaturwissenschaftlicher sowie emotions- und medizinhistorischer Perspektive beleuchtet werden.<\/em><\/p>\n<hr \/>\n<p><em>Baumgart, Peter; Kroener, Bernhard R.; St\u00fcbing, Heinz (Hgg.):<\/em><br \/>\n<strong>Die preu\u00dfische Armee. Zwischen Ancien R\u00e9gime und Reichsgr\u00fcndung, <\/strong><br \/>\nPaderborn u.a. 2008.<\/p>\n<hr \/>\n<p><em>Barmeyer, Heide (Hg.):<\/em><br \/>\n<strong>Die preu\u00dfische Rangerh\u00f6hung und K\u00f6nigskr\u00f6nung 1701 in deutscher und europ\u00e4ischer Sicht,<\/strong><br \/>\nFrankfurt a.M. u.a. 2002.<\/p>\n<hr \/>\n<p><em>S\u00f6semann, Bernd (Hg.):<\/em><br \/>\n<strong>\u00d6ffentliche Kommunikation in Brandenburg\/Preu\u00dfen. Eine Spezialbibliographie, bearb. von Albrecht Hoppe,<\/strong><br \/>\nStuttgart 2002.<\/p>\n<hr \/>\n<p><em>S\u00f6semann, Bernd (Hg.):<\/em><br \/>\n<strong>Kommunikation und Medien in Preu\u00dfen vom 16. bis zum 19. Jahrhundert,<\/strong><br \/>\nStuttgart 2002.<\/p>\n<hr \/>\n<p><em>Kaufhold, Karl Heinrich; S\u00f6semann, Bernd (Hgg.):<\/em><br \/>\n<strong>Wirtschaft, Wissenschaft und Bildung in Preu\u00dfen. Zur Wirtschafts- und Sozialgeschichte Preu\u00dfens vom 18. bis zum 20. Jahrhundert,<\/strong><br \/>\nStuttgart 1998.<\/p>\n<p><em>Inhalt: B. S\u00f6semann: Vorwort K. H. Kaufhold: Einf\u00fchrung V. Klemm: Landbauwissenschaften und landwirtschaftliches Hochschulwesen in Preu\u00dfen vom Beginn des 19. Jhs. bis in das 20. Jh. W. Achilles: Die Landwirtschaft in Preu\u00dfen in den Grenzen des wissenschaftlichen Erkenntnisstandes und der Ausbildung vor dem Ersten Weltkrieg K. H. Kaufhold: &#8222;Wirtschaftswissenschaften&#8220; und Wirtschaftspolitik in Preu\u00dfen von um 1650 bis um 1800 R. vom Bruch: Wissenschaftspolitik, Wissenschaftssystem und Nationalstaat im Deutschen Kaiserreich H. Kiesewetter: Regionale Industrialisierung in Preu\u00dfen im 19. Jh. B. Stier: Staat und Strom K.-E. Jeismann: Das preu\u00dfische Gymnasium in sozialgeschichtlicher Perspektive G. Mettele: &#8222;Bildungssinn und B\u00fcrgergeist&#8220; R. Straubel: Preu\u00dfische Kaueute und Beamte um 1800. Ausgew\u00e4hlte Aspekte ihrer sozialen, wirtschaftlichen und gesellschaftlichen Lage H. St\u00fcbig: Das h\u00f6here milit\u00e4rische Bildungswesen zwischen Professionalisierung und sozialer Abgrenzung D. Hertz-Eichenrode: Zwischen Kontor und Gutshof&#8220;<\/em><\/p>\n<p>&nbsp;<\/p>\n<hr \/>\n<p><em>S\u00f6semann, Bernd (Hg.):<\/em><br \/>\n<strong>Gemeingeist und B\u00fcrgersinn. Die preu\u00dfischen Reformen, <\/strong><br \/>\nBerlin 1993.<\/p>\n<p>&nbsp;<\/p>\n<hr \/>\n<p><em>Baumgart, Peter (Hg.):<\/em><br \/>\n<strong>Expansion und Integration. Zur Eingliederung neugewonnener Gebiete in den preu\u00dfischen Staat,<\/strong><br \/>\nK\u00f6ln u.a. 1984.<\/p>\n<p>&nbsp;<\/p>\n<hr \/>\n<p><em>Baumgart, Peter (Hg.):<\/em><br \/>\n<strong>Bildungspolitik in Preu\u00dfen zur Zeit des Kaiserreichs,<\/strong><br \/>\nStuttgart 1980.<\/p>\n<p>&nbsp;<\/p>\n<p>&nbsp;<\/p>\n","protected":false},"excerpt":{"rendered":"<p>Birgitt Aschmann \/ Thomas Stamm-Kuhlmann\u00a0(Hgg.): 1813 im europ\u00e4ischen Kontext\u00a0 Franz Steiner Verlag 2015. Kurztext:\u00a0Im Zusammenhang mit den antinapoleonischen Kriegen erlebten die Gesellschaften Europas die Aufhebung traditioneller Beschr\u00e4nkungen: Staatliche Grenzen wurden verlegt, Handelsstr\u00f6me umgeleitet, politische Ordnungsmodelle und Genderkonzepte hinterfragt und neue Verfassungen erlassen. Doch gleichzeitig setzten diese Erfahrungen Abwehrprozesse in Gang, welche die &#8222;Entgrenzungen&#8220; wieder einhegen&#8230;<\/p>\n","protected":false},"author":1,"featured_media":0,"parent":684,"menu_order":0,"comment_status":"closed","ping_status":"closed","template":"bricklayout.php","meta":[],"_links":{"self":[{"href":"https:\/\/ag-preussische-geschichte.de\/wpress\/wp-json\/wp\/v2\/pages\/687"}],"collection":[{"href":"https:\/\/ag-preussische-geschichte.de\/wpress\/wp-json\/wp\/v2\/pages"}],"about":[{"href":"https:\/\/ag-preussische-geschichte.de\/wpress\/wp-json\/wp\/v2\/types\/page"}],"author":[{"embeddable":true,"href":"https:\/\/ag-preussische-geschichte.de\/wpress\/wp-json\/wp\/v2\/users\/1"}],"replies":[{"embeddable":true,"href":"https:\/\/ag-preussische-geschichte.de\/wpress\/wp-json\/wp\/v2\/comments?post=687"}],"version-history":[{"count":7,"href":"https:\/\/ag-preussische-geschichte.de\/wpress\/wp-json\/wp\/v2\/pages\/687\/revisions"}],"predecessor-version":[{"id":846,"href":"https:\/\/ag-preussische-geschichte.de\/wpress\/wp-json\/wp\/v2\/pages\/687\/revisions\/846"}],"up":[{"embeddable":true,"href":"https:\/\/ag-preussische-geschichte.de\/wpress\/wp-json\/wp\/v2\/pages\/684"}],"wp:attachment":[{"href":"https:\/\/ag-preussische-geschichte.de\/wpress\/wp-json\/wp\/v2\/media?parent=687"}],"curies":[{"name":"wp","href":"https:\/\/api.w.org\/{rel}","templated":true}]}}